{"id":1987,"date":"2026-03-10T10:23:02","date_gmt":"2026-03-10T10:23:02","guid":{"rendered":"https:\/\/hashtagbildung.at\/?page_id=1987"},"modified":"2026-03-11T12:31:31","modified_gmt":"2026-03-11T12:31:31","slug":"paedagogische-angebote-maerz","status":"publish","type":"page","link":"https:\/\/hashtagbildung.at\/index.php\/paedagogische-angebote-maerz\/","title":{"rendered":"Aktuelle P\u00e4dagogische Angebote"},"content":{"rendered":"\n<div style=\"height:21px\" aria-hidden=\"true\" class=\"wp-block-spacer\"><\/div>\n\n\n\n<div class=\"wp-block-columns has-ast-global-color-5-background-color has-background is-layout-flex wp-container-core-columns-is-layout-8175233e wp-block-columns-is-layout-flex\" style=\"padding-top:var(--wp--preset--spacing--40);padding-right:var(--wp--preset--spacing--40);padding-bottom:var(--wp--preset--spacing--40);padding-left:var(--wp--preset--spacing--40)\">\n<div class=\"wp-block-column is-layout-flow wp-block-column-is-layout-flow\" style=\"flex-basis:33.33%\">\n<figure class=\"wp-block-image size-full\"><img loading=\"lazy\" decoding=\"async\" width=\"800\" height=\"600\" src=\"https:\/\/hashtagbildung.at\/wp-content\/uploads\/2026\/03\/grafik.png\" alt=\"\" class=\"wp-image-1988\" srcset=\"https:\/\/hashtagbildung.at\/wp-content\/uploads\/2026\/03\/grafik.png 800w, https:\/\/hashtagbildung.at\/wp-content\/uploads\/2026\/03\/grafik-300x225.png 300w, https:\/\/hashtagbildung.at\/wp-content\/uploads\/2026\/03\/grafik-768x576.png 768w\" sizes=\"auto, (max-width: 800px) 100vw, 800px\" \/><\/figure>\n<\/div>\n\n\n\n<div class=\"wp-block-column is-layout-flow wp-block-column-is-layout-flow\" style=\"flex-basis:66.66%\">\n<p><em>boats2sail<\/em><br><strong><strong>Schulsportwoche &amp; Projekttage mit Rundum-Service<\/strong><\/strong><\/p>\n\n\n\n<p>Vier Standorte \u2013 Wien Alte Donau, Wien Neue Donau, Rust &amp; Weiden am Neusiedler See.<br>Wir liefern fix fertige Schulsportwochen &amp; Projekttage mit Segeln, Surf, SUP &amp; Kajak \u2013 individuell abgestimmt, sicher betreut, staatlich gef\u00f6rdert (bis \u20ac 100,-\/Sch\u00fcler:in). <\/p>\n\n\n\n<p><strong>Lehrkr\u00e4fte sind kostenlos dabei<\/strong>. In Rust auch mit Unterkunft &amp; Vollpension. <br>Sie bringen die Klasse \u2013 wir organisieren den Rest.<\/p>\n\n\n\n<div class=\"wp-block-buttons is-content-justification-center is-layout-flex wp-container-core-buttons-is-layout-d4b88ea0 wp-block-buttons-is-layout-flex\" style=\"margin-top:var(--wp--preset--spacing--40);margin-bottom:0;padding-top:0\">\n<div class=\"wp-block-button has-custom-width wp-block-button__width-50 button-newsletter\"><a class=\"wp-block-button__link has-ast-global-color-0-color has-ast-global-color-5-background-color has-text-color has-background has-link-color has-custom-font-size wp-element-button\" href=\"https:\/\/schulsportwoche-am-see.at\/\" style=\"border-style:none;border-width:0px;border-radius:0px;padding-top:var(--wp--preset--spacing--30);padding-right:0;padding-bottom:var(--wp--preset--spacing--30);padding-left:0;font-size:17px\" target=\"_blank\" rel=\"noreferrer noopener\"><em><strong>Weitere Infos zum Programm<\/strong><\/em><\/a><\/div>\n<\/div>\n<\/div>\n<\/div>\n\n\n\n<div style=\"height:21px\" aria-hidden=\"true\" class=\"wp-block-spacer\"><\/div>\n\n\n\n<div style=\"height:21px\" aria-hidden=\"true\" class=\"wp-block-spacer\"><\/div>\n\n\n\n<div class=\"wp-block-columns has-ast-global-color-5-background-color has-background is-layout-flex wp-container-core-columns-is-layout-8175233e wp-block-columns-is-layout-flex\" style=\"padding-top:var(--wp--preset--spacing--40);padding-right:var(--wp--preset--spacing--40);padding-bottom:var(--wp--preset--spacing--40);padding-left:var(--wp--preset--spacing--40)\">\n<div class=\"wp-block-column is-layout-flow wp-block-column-is-layout-flow\" style=\"flex-basis:33.33%\">\n<figure class=\"wp-block-image size-full is-resized\"><img loading=\"lazy\" decoding=\"async\" width=\"241\" height=\"179\" src=\"https:\/\/hashtagbildung.at\/wp-content\/uploads\/2025\/03\/Equalizent-Bild.png\" alt=\"\" class=\"wp-image-925\" style=\"width:324px;height:auto\"\/><\/figure>\n<\/div>\n\n\n\n<div class=\"wp-block-column is-layout-flow wp-block-column-is-layout-flow\" style=\"flex-basis:66.66%\">\n<p><em>Equalizent<\/em><br><strong>HANDS UP! <strong>Gef\u00fchrte Tour in die Welt geh\u00f6rloser Menschen<\/strong><\/strong><\/p>\n\n\n\n<ul class=\"wp-block-list\">\n<li>Wie f\u00fchlt es sich an, nichts zu h\u00f6ren?<\/li>\n\n\n\n<li>Welche Barrieren gibt es?<\/li>\n\n\n\n<li>Wie kann man kommunizieren, wenn man nicht dieselbe Sprache spricht?<\/li>\n\n\n\n<li>Was dr\u00fccken Mimik und K\u00f6rpersprache aus?<\/li>\n\n\n\n<li>Und warum ist Geb\u00e4rdensprache nicht international?<\/li>\n<\/ul>\n\n\n\n<p>All das und vieles mehr kann gemeinsam als Gruppe erlebt werden! <br>Besuchen Sie uns mit Ihrer Klasse, Ihrer Gruppe, Ihren Kolleginnen und Kollegen! In unserer interaktiven Erlebnisausstellung HANDS UP tauchen Sie begleitet von unseren geh\u00f6rlosen Guides in die Welt der Geb\u00e4rdensprache ein.<\/p>\n\n\n\n<p>Schreiben Sie uns einfach ein&nbsp;<a href=\"mailto:booking@handsup.wien\" target=\"_blank\" rel=\"noreferrer noopener\"><strong>Email<\/strong>&nbsp;<\/a>oder schauen Sie vorbei bei&nbsp;<a href=\"http:\/\/www.handsup.wien\" target=\"_blank\" rel=\"noreferrer noopener\"><strong>HANDS UP<\/strong><\/a>!<\/p>\n\n\n\n<div class=\"wp-block-buttons is-content-justification-center is-layout-flex wp-container-core-buttons-is-layout-bc17c3bd wp-block-buttons-is-layout-flex\" style=\"margin-top:var(--wp--preset--spacing--40);margin-bottom:0\">\n<div class=\"wp-block-button has-custom-width wp-block-button__width-50 button-newsletter\"><a class=\"wp-block-button__link has-ast-global-color-0-color has-ast-global-color-5-background-color has-text-color has-background has-link-color has-custom-font-size wp-element-button\" href=\"http:\/\/www.handsup.wien\" style=\"border-style:none;border-width:0px;border-radius:0px;padding-top:var(--wp--preset--spacing--30);padding-right:0;padding-bottom:var(--wp--preset--spacing--30);padding-left:0;font-size:17px\" target=\"_blank\" rel=\"noreferrer noopener\"><em><strong>www.handsup.wien<\/strong><\/em><\/a><\/div>\n<\/div>\n<\/div>\n<\/div>\n\n\n\n<div style=\"height:21px\" aria-hidden=\"true\" class=\"wp-block-spacer\"><\/div>\n\n\n\n<div style=\"height:21px\" aria-hidden=\"true\" class=\"wp-block-spacer\"><\/div>\n\n\n\n<div class=\"wp-block-columns has-ast-global-color-5-background-color has-background is-layout-flex wp-container-core-columns-is-layout-8175233e wp-block-columns-is-layout-flex\" style=\"padding-top:var(--wp--preset--spacing--40);padding-right:var(--wp--preset--spacing--40);padding-bottom:var(--wp--preset--spacing--40);padding-left:var(--wp--preset--spacing--40)\">\n<div class=\"wp-block-column is-layout-flow wp-block-column-is-layout-flow\" style=\"flex-basis:33.33%\">\n<figure class=\"wp-block-image size-full is-resized\"><img loading=\"lazy\" decoding=\"async\" width=\"512\" height=\"341\" src=\"https:\/\/hashtagbildung.at\/wp-content\/uploads\/2026\/03\/Museum_Illusionen_lr.jpg\" alt=\"\" class=\"wp-image-2017\" style=\"width:324px;height:auto\" srcset=\"https:\/\/hashtagbildung.at\/wp-content\/uploads\/2026\/03\/Museum_Illusionen_lr.jpg 512w, https:\/\/hashtagbildung.at\/wp-content\/uploads\/2026\/03\/Museum_Illusionen_lr-300x200.jpg 300w\" sizes=\"auto, (max-width: 512px) 100vw, 512px\" \/><figcaption class=\"wp-element-caption\"><sup><em><mark style=\"background-color:rgba(0, 0, 0, 0);color:#888888\" class=\"has-inline-color\">\u00a9 Museum der Illusionen Wien\u00a0<\/mark><\/em><\/sup><\/figcaption><\/figure>\n\n\n\n<p><\/p>\n<\/div>\n\n\n\n<div class=\"wp-block-column is-layout-flow wp-block-column-is-layout-flow\" style=\"flex-basis:66.66%\">\n<p><em>Museum der Illusionen<\/em><br><strong><strong>Doppeltes WOW f\u00fcr Schulen bei gleichem Preis<\/strong><\/strong><br><br>Staunen, lernen, ausprobieren: Im&nbsp;<strong><a href=\"https:\/\/museumderillusionen.at\/schulausflug-wien\/\" target=\"_blank\" rel=\"noreferrer noopener\">Museum der Illusionen Wien<\/a><\/strong>&nbsp;erleben Sch\u00fcler:innen Edutainment pur. Ames Room, Vortex Tunnel, Reverse Room und die Following Eyes mit Kaiserin Elisabeth machen Wahrnehmung, Perspektivenwechsel und kritisches Denken erlebbar.<br><br><strong>Neu:<\/strong>&nbsp;doppelte Gr\u00f6\u00dfe mit noch mehr interaktiven Erlebnisr\u00e4umen \u2013 bei unver\u00e4ndertem Preis f\u00fcr Schulklassen. Die optionale Magic Experience sorgt f\u00fcr zus\u00e4tzliche Wow-Momente. Ein wetterunabh\u00e4ngiges Ausflugsziel im barocken Palais Esterh\u00e1zy.<\/p>\n\n\n\n<div class=\"wp-block-buttons is-content-justification-center is-layout-flex wp-container-core-buttons-is-layout-bc17c3bd wp-block-buttons-is-layout-flex\" style=\"margin-top:var(--wp--preset--spacing--40);margin-bottom:0\">\n<div class=\"wp-block-button has-custom-width wp-block-button__width-50 button-newsletter\"><a class=\"wp-block-button__link has-ast-global-color-0-color has-ast-global-color-5-background-color has-text-color has-background has-link-color has-custom-font-size wp-element-button\" href=\"https:\/\/museumderillusionen.at\/schulausflug-wien\/\" style=\"border-style:none;border-width:0px;border-radius:0px;padding-top:var(--wp--preset--spacing--30);padding-right:0;padding-bottom:var(--wp--preset--spacing--30);padding-left:0;font-size:17px\" target=\"_blank\" rel=\"noreferrer noopener\"><em><strong><em><strong>Weitere Infos zum Programm<\/strong><\/em><\/strong><\/em><\/a><\/div>\n<\/div>\n<\/div>\n<\/div>\n\n\n\n<div style=\"height:21px\" aria-hidden=\"true\" class=\"wp-block-spacer\"><\/div>\n\n\n\n<div style=\"height:21px\" aria-hidden=\"true\" class=\"wp-block-spacer\"><\/div>\n\n\n\n<div class=\"wp-block-columns has-ast-global-color-5-background-color has-background is-layout-flex wp-container-core-columns-is-layout-8175233e wp-block-columns-is-layout-flex\" style=\"padding-top:var(--wp--preset--spacing--40);padding-right:var(--wp--preset--spacing--40);padding-bottom:var(--wp--preset--spacing--40);padding-left:var(--wp--preset--spacing--40)\">\n<div class=\"wp-block-column is-layout-flow wp-block-column-is-layout-flow\" style=\"flex-basis:33.33%\">\n<figure class=\"wp-block-image size-full is-resized\"><img loading=\"lazy\" decoding=\"async\" width=\"1600\" height=\"1066\" src=\"https:\/\/hashtagbildung.at\/wp-content\/uploads\/2026\/03\/Jo.jpg\" alt=\"\" class=\"wp-image-2018\" style=\"width:324px;height:auto\" srcset=\"https:\/\/hashtagbildung.at\/wp-content\/uploads\/2026\/03\/Jo.jpg 1600w, https:\/\/hashtagbildung.at\/wp-content\/uploads\/2026\/03\/Jo-300x200.jpg 300w, https:\/\/hashtagbildung.at\/wp-content\/uploads\/2026\/03\/Jo-1024x682.jpg 1024w, https:\/\/hashtagbildung.at\/wp-content\/uploads\/2026\/03\/Jo-768x512.jpg 768w, https:\/\/hashtagbildung.at\/wp-content\/uploads\/2026\/03\/Jo-1536x1023.jpg 1536w\" sizes=\"auto, (max-width: 1600px) 100vw, 1600px\" \/><\/figure>\n<\/div>\n\n\n\n<div class=\"wp-block-column is-layout-flow wp-block-column-is-layout-flow\" style=\"flex-basis:66.66%\">\n<p><em>Universalmuseum Joanneum<\/em><br><strong><strong>Bildung erleben in 20 Museen<\/strong><\/strong><\/p>\n\n\n\n<p>\u00d6sterreichs \u00e4ltestes Museum&nbsp;z\u00e4hlt zu den gr\u00f6\u00dften Universalmuseen Europas.&nbsp;<strong>14 Standorte in Graz und den steirischen Regionen<\/strong>&nbsp;sind ein Muss f\u00fcr Kulturbegeisterte und Wissbegierige!<\/p>\n\n\n\n<p>Ab dem Fr\u00fchjahr 2026 wird das Joanneum zudem in&nbsp;Bl\u00fcte stehen: Unter dem Titel&nbsp;<strong>BLOOM<\/strong>&nbsp;pr\u00e4sentieren zehn Ausstellungen spannende Zug\u00e4nge zum Jahresthema \u201eBlume\u201c.<br><strong>Das Beste daran:<\/strong>&nbsp;F\u00fcr Schulklassen gibt es eine Museumskarte zum besonders g\u00fcnstigen Tarif. Die&nbsp;<strong><a href=\"https:\/\/www.museum-joanneum.at\/schulkarte#c4052\">Schulkarte Echt Klasse!<\/a><\/strong>&nbsp;sichert freien Eintritt sowie kostenlose Vermittlungsprogramme f\u00fcr alle Altersgruppen und ist ein Schuljahr lang in allen 20 Museen g\u00fcltig.<\/p>\n\n\n\n<div class=\"wp-block-buttons is-content-justification-center is-layout-flex wp-container-core-buttons-is-layout-bc17c3bd wp-block-buttons-is-layout-flex\" style=\"margin-top:var(--wp--preset--spacing--40);margin-bottom:0\">\n<div class=\"wp-block-button has-custom-width wp-block-button__width-50 button-newsletter\"><a class=\"wp-block-button__link has-ast-global-color-0-color has-ast-global-color-5-background-color has-text-color has-background has-link-color has-custom-font-size wp-element-button\" href=\"https:\/\/www.museum-joanneum.at\/schule\" style=\"border-style:none;border-width:0px;border-radius:0px;padding-top:var(--wp--preset--spacing--30);padding-right:0;padding-bottom:var(--wp--preset--spacing--30);padding-left:0;font-size:17px\" target=\"_blank\" rel=\"noreferrer noopener\"><em><strong><em><strong>Weitere Infos zum Programm<\/strong><\/em><\/strong><\/em><\/a><\/div>\n<\/div>\n<\/div>\n<\/div>\n\n\n\n<div style=\"height:21px\" aria-hidden=\"true\" class=\"wp-block-spacer\"><\/div>\n\n\n\n<div class=\"wp-block-columns has-ast-global-color-5-background-color has-background is-layout-flex wp-container-core-columns-is-layout-8175233e wp-block-columns-is-layout-flex\" style=\"padding-top:var(--wp--preset--spacing--40);padding-right:var(--wp--preset--spacing--40);padding-bottom:var(--wp--preset--spacing--40);padding-left:var(--wp--preset--spacing--40)\">\n<div class=\"wp-block-column is-layout-flow wp-block-column-is-layout-flow\" style=\"flex-basis:33.33%\">\n<figure class=\"wp-block-image size-full\"><img loading=\"lazy\" decoding=\"async\" width=\"321\" height=\"230\" src=\"https:\/\/hashtagbildung.at\/wp-content\/uploads\/2026\/03\/grafik-1.png\" alt=\"\" class=\"wp-image-2022\" srcset=\"https:\/\/hashtagbildung.at\/wp-content\/uploads\/2026\/03\/grafik-1.png 321w, https:\/\/hashtagbildung.at\/wp-content\/uploads\/2026\/03\/grafik-1-300x215.png 300w\" sizes=\"auto, (max-width: 321px) 100vw, 321px\" \/><\/figure>\n<\/div>\n\n\n\n<div class=\"wp-block-column is-layout-flow wp-block-column-is-layout-flow\" style=\"flex-basis:66.66%\">\n<p><em>Museum Nieder\u00f6sterreich<\/em><br><strong><strong><strong>Schulausstellung Zugespitzt: Zeitgeschichte mit Karikaturen<\/strong><\/strong><\/strong><\/p>\n\n\n\n<p>Die Wanderausstellung<strong><a href=\"https:\/\/www.museumnoe.at\/de\/schulausstellung\" target=\"_blank\" rel=\"noreferrer noopener\">\u201eZugespitzt \u2013 30 Jahre im Blick der Karikatur\u201c<\/a><\/strong> wurde speziell f\u00fcr AHS-Oberstufe und weiterbildende Schulen konzipiert. Sch\u00fcler:innen werden eingeladen, sich anhand von Karikaturen mit den Themen, den Vorurteilen, Hoffnungen und \u00c4ngsten rund um historische Ereignisse auseinanderzusetzen und mit aktuellen Debatten in Verbindung zu bringen.<\/p>\n\n\n\n<p>Bis Dezember 2026 k\u00f6nnen \u00f6sterreichische Schulklassen die Ausstellung <em>(Ausstellungsparavent und Vermittlungsunterlagen)<\/em>&nbsp;<strong>kostenlos<\/strong>&nbsp;f\u00fcr jeweils bis zu zwei Monate buchen.<br>Buchungsanfragen an:&nbsp;<a href=\"mailto:schulausstellung@museumnoe.at\" target=\"_blank\" rel=\"noreferrer noopener\"><strong>schulausstellung@museumnoe.at<\/strong><\/a><\/p>\n\n\n\n<div class=\"wp-block-buttons is-content-justification-center is-layout-flex wp-container-core-buttons-is-layout-bc17c3bd wp-block-buttons-is-layout-flex\" style=\"margin-top:var(--wp--preset--spacing--40);margin-bottom:0\">\n<div class=\"wp-block-button has-custom-width wp-block-button__width-50 button-newsletter\"><a class=\"wp-block-button__link has-ast-global-color-0-color has-ast-global-color-5-background-color has-text-color has-background has-link-color has-custom-font-size wp-element-button\" href=\"https:\/\/www.museumnoe.at\/de\/schulausstellung\" style=\"border-style:none;border-width:0px;border-radius:0px;padding-top:var(--wp--preset--spacing--30);padding-right:0;padding-bottom:var(--wp--preset--spacing--30);padding-left:0;font-size:17px\" target=\"_blank\" rel=\"noreferrer noopener\"><em><strong><em><strong>Weitere Infos zum Programm<\/strong><\/em><\/strong><\/em><\/a><\/div>\n<\/div>\n<\/div>\n<\/div>\n\n\n\n<div style=\"height:21px\" aria-hidden=\"true\" class=\"wp-block-spacer\"><\/div>\n\n\n\n<div class=\"wp-block-columns has-ast-global-color-5-background-color has-background is-layout-flex wp-container-core-columns-is-layout-8175233e wp-block-columns-is-layout-flex\" style=\"padding-top:var(--wp--preset--spacing--40);padding-right:var(--wp--preset--spacing--40);padding-bottom:var(--wp--preset--spacing--40);padding-left:var(--wp--preset--spacing--40)\">\n<div class=\"wp-block-column is-layout-flow wp-block-column-is-layout-flow\" style=\"flex-basis:33.33%\">\n<figure class=\"wp-block-image size-full is-resized\"><img loading=\"lazy\" decoding=\"async\" width=\"918\" height=\"520\" src=\"https:\/\/hashtagbildung.at\/wp-content\/uploads\/2026\/03\/Schlosshof-VerspielteSymmetrie-Sujet_KHM-Museumsverband-Severin-Wurnig-SKB-3-1.jpg\" alt=\"\" class=\"wp-image-2020\" style=\"width:324px;height:auto\" srcset=\"https:\/\/hashtagbildung.at\/wp-content\/uploads\/2026\/03\/Schlosshof-VerspielteSymmetrie-Sujet_KHM-Museumsverband-Severin-Wurnig-SKB-3-1.jpg 918w, https:\/\/hashtagbildung.at\/wp-content\/uploads\/2026\/03\/Schlosshof-VerspielteSymmetrie-Sujet_KHM-Museumsverband-Severin-Wurnig-SKB-3-1-300x170.jpg 300w, https:\/\/hashtagbildung.at\/wp-content\/uploads\/2026\/03\/Schlosshof-VerspielteSymmetrie-Sujet_KHM-Museumsverband-Severin-Wurnig-SKB-3-1-768x435.jpg 768w\" sizes=\"auto, (max-width: 918px) 100vw, 918px\" \/><figcaption class=\"wp-element-caption\"><sup><em><mark style=\"background-color:rgba(0, 0, 0, 0);color:#888888\" class=\"has-inline-color\">\u00a9 Severin-Wurnig<\/mark><\/em><\/sup><\/figcaption><\/figure>\n<\/div>\n\n\n\n<div class=\"wp-block-column is-layout-flow wp-block-column-is-layout-flow\" style=\"flex-basis:66.66%\">\n<p><em>Schloss Hof <\/em><br><strong><strong><strong><strong>Sonderausstellung Schloss Hof | 7. M\u00e4rz bis 2. November 2026<\/strong><\/strong><\/strong><\/strong><\/p>\n\n\n\n<p>Ausgehend von der Schloss Hofer Gartenanlage lernen die Sch\u00fcler:innen bei der Sonderausstellung&nbsp;<strong><a href=\"https:\/\/www.habsburger.net\/de\/ausstellungen\/verspielte-symmetrie-der-barockgarten-als-kunstwerk\" target=\"_blank\" rel=\"noreferrer noopener\">\u201eVerspielte Symmetrie: Der Barockgarten als Kunstwerk\u201c<\/a><\/strong> &nbsp;verschiedene Aspekte barocker G\u00e4rten kennen. Wir gehen der Bedeutung barocker G\u00e4rten, ihrer Auftraggeber:innen und K\u00fcnstler:innen nach und erfahren mehr \u00fcber die Gestaltungselemente. P\u00e4dagog:innen sind im Rahmen der neuen Ausstellung herzlichst zum&nbsp;<strong>Informationstag am 25. M\u00e4rz&nbsp;<\/strong>eingeladen. <br>Wir bitten um verbindliche&nbsp;<a href=\"https:\/\/www.schoenbrunn-group.com\/fileadmin\/content_group\/Tourismus\/PDF\/Informationstage\/Einladung_und_Anmeldung_Informationstage_Schloss_Hof_2026.pdf\" target=\"_blank\" rel=\"noreferrer noopener\"><strong>Anmeldung<\/strong><\/a>.<\/p>\n\n\n\n<p>Dauer der F\u00fchrung: 50 Minuten | Zielgruppe: Alle Altersstufen <em>(alters- und zielgruppengerechte Vermittlung)<\/em><\/p>\n\n\n\n<div class=\"wp-block-buttons is-content-justification-center is-layout-flex wp-container-core-buttons-is-layout-bc17c3bd wp-block-buttons-is-layout-flex\" style=\"margin-top:var(--wp--preset--spacing--40);margin-bottom:0\">\n<div class=\"wp-block-button has-custom-width wp-block-button__width-50 button-newsletter\"><a class=\"wp-block-button__link has-ast-global-color-0-color has-ast-global-color-5-background-color has-text-color has-background has-link-color has-custom-font-size wp-element-button\" href=\"https:\/\/www.schoenbrunn-group.com\/fileadmin\/content_group\/Tourismus\/PDF\/Informationstage\/Einladung_und_Anmeldung_Informationstage_Schloss_Hof_2026.pdf\" style=\"border-style:none;border-width:0px;border-radius:0px;padding-top:var(--wp--preset--spacing--30);padding-right:0;padding-bottom:var(--wp--preset--spacing--30);padding-left:0;font-size:17px\" target=\"_blank\" rel=\"noreferrer noopener\"><strong><em>Zur Anmeldung <\/em><\/strong><\/a><\/div>\n<\/div>\n<\/div>\n<\/div>\n\n\n\n<div style=\"height:21px\" aria-hidden=\"true\" class=\"wp-block-spacer\"><\/div>\n\n\n\n<div class=\"wp-block-columns has-ast-global-color-5-background-color has-background is-layout-flex wp-container-core-columns-is-layout-8175233e wp-block-columns-is-layout-flex\" style=\"padding-top:var(--wp--preset--spacing--40);padding-right:var(--wp--preset--spacing--40);padding-bottom:var(--wp--preset--spacing--40);padding-left:var(--wp--preset--spacing--40)\">\n<div class=\"wp-block-column is-layout-flow wp-block-column-is-layout-flow\" style=\"flex-basis:33.33%\">\n<figure class=\"wp-block-image size-full is-resized\"><img loading=\"lazy\" decoding=\"async\" width=\"600\" height=\"450\" src=\"https:\/\/hashtagbildung.at\/wp-content\/uploads\/2026\/03\/Copyright-D_Zupanc-Tierschutz-macht-Schule-.jpg\" alt=\"\" class=\"wp-image-2023\" style=\"width:324px;height:auto\" srcset=\"https:\/\/hashtagbildung.at\/wp-content\/uploads\/2026\/03\/Copyright-D_Zupanc-Tierschutz-macht-Schule-.jpg 600w, https:\/\/hashtagbildung.at\/wp-content\/uploads\/2026\/03\/Copyright-D_Zupanc-Tierschutz-macht-Schule--300x225.jpg 300w\" sizes=\"auto, (max-width: 600px) 100vw, 600px\" \/><figcaption class=\"wp-element-caption\"><sup><em><mark style=\"background-color:rgba(0, 0, 0, 0);color:#888888\" class=\"has-inline-color\">\u00a9 Tierschutz macht Schule<\/mark><\/em><\/sup><\/figcaption><\/figure>\n<\/div>\n\n\n\n<div class=\"wp-block-column is-layout-flow wp-block-column-is-layout-flow\" style=\"flex-basis:66.66%\">\n<p><em>Tierschutz macht Schule<\/em><br><strong><strong><strong><strong><strong>\u201eTierschutz macht Schule\u201c als Highlight in Ihrem Unterricht<\/strong><\/strong><\/strong><\/strong><\/strong><\/p>\n\n\n\n<p>Mit den&nbsp;<strong>Materialien f\u00fcr Kindergarten, Primarstufe und Sekundarstufe<\/strong>&nbsp;k\u00f6nnen Sie Kindern und Jugendlichen den richtigen, sicheren und verantwortungsvollen Umgang mit Tieren vermitteln. Das Tierschutzwissen mit vielen R\u00e4tselaufgaben macht Spa\u00df! Die kostenlosen Schulfilme, Arbeitsbl\u00e4tter und Vorlagen \u00fcber Heimtiere, Wildtiere, Nutztiere und Versuchstiere sind in vielen F\u00e4chern einfach einsetzbar. Die Unterrichtshefte k\u00f6nnen in Klassenst\u00e4rke kostenlos, exkl. Versand, bestellt werden.<\/p>\n\n\n\n<div class=\"wp-block-buttons is-content-justification-center is-layout-flex wp-container-core-buttons-is-layout-bc17c3bd wp-block-buttons-is-layout-flex\" style=\"margin-top:var(--wp--preset--spacing--40);margin-bottom:0\">\n<div class=\"wp-block-button has-custom-width wp-block-button__width-50 button-newsletter\"><a class=\"wp-block-button__link has-ast-global-color-0-color has-ast-global-color-5-background-color has-text-color has-background has-link-color has-custom-font-size wp-element-button\" href=\"https:\/\/www.tierschutzmachtschule.at\/\" style=\"border-style:none;border-width:0px;border-radius:0px;padding-top:var(--wp--preset--spacing--30);padding-right:0;padding-bottom:var(--wp--preset--spacing--30);padding-left:0;font-size:17px\" target=\"_blank\" rel=\"noreferrer noopener\"><strong><em>Weitere Infos zum Programm<\/em><\/strong><\/a><\/div>\n<\/div>\n<\/div>\n<\/div>\n\n\n\n<div style=\"height:21px\" aria-hidden=\"true\" class=\"wp-block-spacer\"><\/div>\n\n\n\n<div class=\"wp-block-columns has-ast-global-color-5-background-color has-background is-layout-flex wp-container-core-columns-is-layout-8175233e wp-block-columns-is-layout-flex\" style=\"padding-top:var(--wp--preset--spacing--40);padding-right:var(--wp--preset--spacing--40);padding-bottom:var(--wp--preset--spacing--40);padding-left:var(--wp--preset--spacing--40)\">\n<div class=\"wp-block-column is-layout-flow wp-block-column-is-layout-flow\" style=\"flex-basis:33.33%\">\n<figure class=\"wp-block-image size-full is-resized\"><img loading=\"lazy\" decoding=\"async\" width=\"672\" height=\"448\" src=\"https:\/\/hashtagbildung.at\/wp-content\/uploads\/2026\/03\/Herberstein_Zooschule-01.jpg\" alt=\"\" class=\"wp-image-2025\" style=\"width:324px;height:auto\" srcset=\"https:\/\/hashtagbildung.at\/wp-content\/uploads\/2026\/03\/Herberstein_Zooschule-01.jpg 672w, https:\/\/hashtagbildung.at\/wp-content\/uploads\/2026\/03\/Herberstein_Zooschule-01-300x200.jpg 300w\" sizes=\"auto, (max-width: 672px) 100vw, 672px\" \/><\/figure>\n<\/div>\n\n\n\n<div class=\"wp-block-column is-layout-flow wp-block-column-is-layout-flow\" style=\"flex-basis:66.66%\">\n<p><em>Tierwelt Herberstein<\/em><br><strong><strong><strong><strong><strong><strong>Erlebniswelt Herberstein im Herzen der Oststeiermark<\/strong><\/strong><\/strong><\/strong><\/strong><\/strong><\/p>\n\n\n\n<p>Unternehmen Sie mit Ihrer Klasse eine Reise um die Welt an nur einem Tag. Erleben Sie heimische und exotische Tiere von allen Kontinenten beinahe wie in freier Wildbahn. Der Biodiversit\u00e4ts-Hotspot, das Europa-Naturschutzgebiet Feistritzklamm l\u00e4dt dazu ein, eine der \u00fcber 2.400 K\u00e4ferarten zu entdecken. Ob Tierpark oder Haus der Biodiversit\u00e4t, ob Indoor oder Outdoor, ob F\u00fchrung oder Workshop \u2013 wir bieten f\u00fcr jede Schulstufe und f\u00fcr jede Altersklasse das richtige Angebot! <\/p>\n\n\n\n<p><strong>Tipp:<\/strong> kommentierte F\u00fctterungen \u2013 mehrmals t\u00e4glich im Programm (keine Anmeldung erforderlich).<\/p>\n\n\n\n<div class=\"wp-block-buttons is-content-justification-center is-layout-flex wp-container-core-buttons-is-layout-bc17c3bd wp-block-buttons-is-layout-flex\" style=\"margin-top:var(--wp--preset--spacing--40);margin-bottom:0\">\n<div class=\"wp-block-button has-custom-width wp-block-button__width-50 button-newsletter\"><a class=\"wp-block-button__link has-ast-global-color-0-color has-ast-global-color-5-background-color has-text-color has-background has-link-color has-custom-font-size wp-element-button\" href=\"https:\/\/www.tierwelt-herberstein.at\/\" style=\"border-style:none;border-width:0px;border-radius:0px;padding-top:var(--wp--preset--spacing--30);padding-right:0;padding-bottom:var(--wp--preset--spacing--30);padding-left:0;font-size:17px\" target=\"_blank\" rel=\"noreferrer noopener\"><strong><em>Weitere Infos zum Programm<\/em><\/strong><\/a><\/div>\n<\/div>\n<\/div>\n<\/div>\n\n\n\n<div style=\"height:21px\" aria-hidden=\"true\" class=\"wp-block-spacer\"><\/div>\n\n\n\n<div class=\"wp-block-columns has-ast-global-color-5-background-color has-background is-layout-flex wp-container-core-columns-is-layout-8175233e wp-block-columns-is-layout-flex\" style=\"padding-top:var(--wp--preset--spacing--40);padding-right:var(--wp--preset--spacing--40);padding-bottom:var(--wp--preset--spacing--40);padding-left:var(--wp--preset--spacing--40)\">\n<div class=\"wp-block-column is-layout-flow wp-block-column-is-layout-flow\" style=\"flex-basis:33.33%\">\n<figure class=\"wp-block-image size-full is-resized\"><img loading=\"lazy\" decoding=\"async\" width=\"500\" height=\"375\" src=\"https:\/\/hashtagbildung.at\/wp-content\/uploads\/2026\/03\/Unterwasserreich_Unterwasserwelt_HQ_073A3183-fotor-202601171416.jpg\" alt=\"\" class=\"wp-image-2026\" style=\"width:324px;height:auto\" srcset=\"https:\/\/hashtagbildung.at\/wp-content\/uploads\/2026\/03\/Unterwasserreich_Unterwasserwelt_HQ_073A3183-fotor-202601171416.jpg 500w, https:\/\/hashtagbildung.at\/wp-content\/uploads\/2026\/03\/Unterwasserreich_Unterwasserwelt_HQ_073A3183-fotor-202601171416-300x225.jpg 300w\" sizes=\"auto, (max-width: 500px) 100vw, 500px\" \/><figcaption class=\"wp-element-caption\"><sup><em><mark style=\"background-color:rgba(0, 0, 0, 0);color:#888888\" class=\"has-inline-color\">\u00a9 Matthias Streibel<\/mark><\/em><\/sup><\/figcaption><\/figure>\n<\/div>\n\n\n\n<div class=\"wp-block-column is-layout-flow wp-block-column-is-layout-flow\" style=\"flex-basis:66.66%\">\n<p><em>Unterwasserreich &#8211; Naturpark Hochmoor Schrems<\/em><br><strong><strong><strong><strong><strong><strong><strong>Faszination Waldviertler Teiche<\/strong><\/strong><\/strong><\/strong><\/strong><\/strong><\/strong><\/p>\n\n\n\n<p>Die Faszination der Waldviertler Teiche &amp; Moore erleben Sie hautnah im Naturparkzentrum UnterWasserReich Schrems. Es erwarten Sie eine interaktive Erlebnisausstellung im Innenbereich (Aquarien, Wasserexperimente, Mikroskopieren, Mikroskop-Liveshows uvm.) und der Wassergarten mit naturnahem Fischotter-Gehege. (Schau-F\u00fctterungen finden t\u00e4glich 10:30, 13:30 und 16 Uhr statt.)<\/p>\n\n\n\n<p>Derzeit:&nbsp;<strong><a href=\"https:\/\/www.unterwasserreich.at\/sonder-ausstellung-npuwr-2\" target=\"_blank\" rel=\"noreferrer noopener\">Sonderausstellung \u201eVom Klima zum Wandel\u201c<\/a><\/strong>&nbsp;mit vielen interaktiven Stationen<br>Unsere&nbsp;<strong>Schulprogramme&nbsp;<\/strong>mit 1,5 Stunden, 3,5&nbsp;oder 6 Stunden Dauer sind&nbsp;von April bis Oktober buchbar.<\/p>\n\n\n\n<div class=\"wp-block-buttons is-content-justification-center is-layout-flex wp-container-core-buttons-is-layout-bc17c3bd wp-block-buttons-is-layout-flex\" style=\"margin-top:var(--wp--preset--spacing--40);margin-bottom:0\">\n<div class=\"wp-block-button has-custom-width wp-block-button__width-50 button-newsletter\"><a class=\"wp-block-button__link has-ast-global-color-0-color has-ast-global-color-5-background-color has-text-color has-background has-link-color has-custom-font-size wp-element-button\" href=\"https:\/\/www.unterwasserreich.at\/schulprogramme-npuwr-a\" style=\"border-style:none;border-width:0px;border-radius:0px;padding-top:var(--wp--preset--spacing--30);padding-right:0;padding-bottom:var(--wp--preset--spacing--30);padding-left:0;font-size:17px\" target=\"_blank\" rel=\"noreferrer noopener\"><strong><em>Weitere Infos zum Programm<\/em><\/strong><\/a><\/div>\n<\/div>\n<\/div>\n<\/div>\n\n\n\n<div style=\"height:21px\" aria-hidden=\"true\" class=\"wp-block-spacer\"><\/div>\n\n\n\n<div class=\"wp-block-columns has-ast-global-color-5-background-color has-background is-layout-flex wp-container-core-columns-is-layout-8175233e wp-block-columns-is-layout-flex\" style=\"padding-top:var(--wp--preset--spacing--40);padding-right:var(--wp--preset--spacing--40);padding-bottom:var(--wp--preset--spacing--40);padding-left:var(--wp--preset--spacing--40)\">\n<div class=\"wp-block-column is-layout-flow wp-block-column-is-layout-flow\" style=\"flex-basis:33.33%\">\n<figure class=\"wp-block-image size-full\"><img loading=\"lazy\" decoding=\"async\" width=\"679\" height=\"453\" src=\"https:\/\/hashtagbildung.at\/wp-content\/uploads\/2026\/03\/VA_Erzberg_Hauly-Erzberg-Harald-Tauderer.jpg\" alt=\"\" class=\"wp-image-2027\" srcset=\"https:\/\/hashtagbildung.at\/wp-content\/uploads\/2026\/03\/VA_Erzberg_Hauly-Erzberg-Harald-Tauderer.jpg 679w, https:\/\/hashtagbildung.at\/wp-content\/uploads\/2026\/03\/VA_Erzberg_Hauly-Erzberg-Harald-Tauderer-300x200.jpg 300w\" sizes=\"auto, (max-width: 679px) 100vw, 679px\" \/><figcaption class=\"wp-element-caption\"><sup><em><mark style=\"background-color:rgba(0, 0, 0, 0);color:#888888\" class=\"has-inline-color\">\u00a9 Harald Tauderer<\/mark><\/em><\/sup><\/figcaption><\/figure>\n<\/div>\n\n\n\n<div class=\"wp-block-column is-layout-flow wp-block-column-is-layout-flow\" style=\"flex-basis:66.66%\">\n<p><em>VA Erzberg<\/em><br><strong><strong><strong><strong><strong><strong><strong><strong>Abenteuer Erzberg \u2013 Lernen im gr\u00f6\u00dften Klassenzimmer aus Stein<\/strong><\/strong><\/strong><\/strong><\/strong><\/strong><\/strong><\/strong><\/p>\n\n\n\n<p>Der Erzberg liegt mitten in den Eisenerzer Alpen. Seit \u00fcber 1300 Jahren wird hier Eisenerz zur Stahlproduktion abgebaut. Heute ist er nicht nur der modernste aktive Bergbau Mitteleuropas, sondern auch ein spannender Erlebnisort: Mit 1.217 PS-Riesen, den \u201eHaulys\u201c, f\u00e4hrt man \u00fcber die Etagen des Erzberges und blickt auf das aktuelle Tagebaugeschehen. Im Schaubergwerk besucht man einen ehemaligen Untertagebau. F\u00fcr Entspannung sorgt die Freilichtausstellung Oswaldir\u00fccken, die man im eigenen Tempo selbst erkunden kann.<\/p>\n\n\n\n<p class=\"has-text-align-left\"><strong><em>Der Erzberg, ein Ort mit spannender Vergangenheit, Gegenwart und Zukunft!<\/em><\/strong><\/p>\n\n\n\n<div class=\"wp-block-buttons is-content-justification-center is-layout-flex wp-container-core-buttons-is-layout-bc17c3bd wp-block-buttons-is-layout-flex\" style=\"margin-top:var(--wp--preset--spacing--40);margin-bottom:0\">\n<div class=\"wp-block-button has-custom-width wp-block-button__width-50 button-newsletter\"><a class=\"wp-block-button__link has-ast-global-color-0-color has-ast-global-color-5-background-color has-text-color has-background has-link-color has-custom-font-size wp-element-button\" href=\"https:\/\/www.abenteuer-erzberg.at\/\" style=\"border-style:none;border-width:0px;border-radius:0px;padding-top:var(--wp--preset--spacing--30);padding-right:0;padding-bottom:var(--wp--preset--spacing--30);padding-left:0;font-size:17px\" target=\"_blank\" rel=\"noreferrer noopener\"><strong><em>Weitere Infos zum Programm<\/em><\/strong><\/a><\/div>\n<\/div>\n<\/div>\n<\/div>\n\n\n\n<div style=\"height:21px\" aria-hidden=\"true\" class=\"wp-block-spacer\"><\/div>\n\n\n\n<div class=\"wp-block-columns has-ast-global-color-5-background-color has-background is-layout-flex wp-container-core-columns-is-layout-8175233e wp-block-columns-is-layout-flex\" style=\"padding-top:var(--wp--preset--spacing--40);padding-right:var(--wp--preset--spacing--40);padding-bottom:var(--wp--preset--spacing--40);padding-left:var(--wp--preset--spacing--40)\">\n<div class=\"wp-block-column is-layout-flow wp-block-column-is-layout-flow\" style=\"flex-basis:33.33%\">\n<figure class=\"wp-block-image size-full is-resized\"><img loading=\"lazy\" decoding=\"async\" width=\"240\" height=\"180\" src=\"https:\/\/hashtagbildung.at\/wp-content\/uploads\/2025\/03\/Bild-Vo\u0308slauer.jpg\" alt=\"\" class=\"wp-image-948\" style=\"width:324px;height:auto\"\/><\/figure>\n<\/div>\n\n\n\n<div class=\"wp-block-column is-layout-flow wp-block-column-is-layout-flow\" style=\"flex-basis:66.66%\">\n<p><em>V\u00d6SLAUER<\/em><br><strong>WERKSF\u00dcHRUNG bei V\u00d6SLAUER Mineralwasser GmbH<\/strong><\/p>\n\n\n\n<p>Wissenswertes \u00fcber den Ursprung von V\u00f6slauer Mineralwasser und den gesamten Kreislauf, in dem sich alle Flaschen bewegen. Spannende Einblicke in die Produktionsprozesse bei einem gef\u00fchrten Rundgang \u00fcber das V\u00f6slauer-Werksgel\u00e4nde.<br>Bei Schulklassen individuell angepasste Sprache &amp; Inhalte sowie Materialien zum Anfassen.<\/p>\n\n\n\n<div class=\"wp-block-buttons is-content-justification-center is-layout-flex wp-container-core-buttons-is-layout-bc17c3bd wp-block-buttons-is-layout-flex\" style=\"margin-top:var(--wp--preset--spacing--40);margin-bottom:0\">\n<div class=\"wp-block-button has-custom-width wp-block-button__width-50 button-newsletter\"><a class=\"wp-block-button__link has-ast-global-color-0-color has-ast-global-color-5-background-color has-text-color has-background has-link-color has-custom-font-size wp-element-button\" href=\"https:\/\/www.voeslauer.com\/ueber-uns\/fuehrungen\/info\" style=\"border-style:none;border-width:0px;border-radius:0px;padding-top:var(--wp--preset--spacing--30);padding-right:0;padding-bottom:var(--wp--preset--spacing--30);padding-left:0;font-size:17px\" target=\"_blank\" rel=\"noreferrer noopener\"><strong><em>Weitere Infos zum Programm<\/em><\/strong><\/a><\/div>\n<\/div>\n<\/div>\n<\/div>\n\n\n\n<div style=\"height:21px\" aria-hidden=\"true\" class=\"wp-block-spacer\"><\/div>\n\n\n\n<div class=\"wp-block-columns has-ast-global-color-5-background-color has-background is-layout-flex wp-container-core-columns-is-layout-8175233e wp-block-columns-is-layout-flex\" style=\"padding-top:var(--wp--preset--spacing--40);padding-right:var(--wp--preset--spacing--40);padding-bottom:var(--wp--preset--spacing--40);padding-left:var(--wp--preset--spacing--40)\">\n<div class=\"wp-block-column is-layout-flow wp-block-column-is-layout-flow\" style=\"flex-basis:33.33%\">\n<figure class=\"wp-block-image size-full\"><img loading=\"lazy\" decoding=\"async\" width=\"634\" height=\"423\" src=\"https:\/\/hashtagbildung.at\/wp-content\/uploads\/2026\/03\/Zotter_NougatPumpe_3D9A2028_c_Jacqueline_Jud_Zotter_Schokoladen.jpg\" alt=\"\" class=\"wp-image-2030\" srcset=\"https:\/\/hashtagbildung.at\/wp-content\/uploads\/2026\/03\/Zotter_NougatPumpe_3D9A2028_c_Jacqueline_Jud_Zotter_Schokoladen.jpg 634w, https:\/\/hashtagbildung.at\/wp-content\/uploads\/2026\/03\/Zotter_NougatPumpe_3D9A2028_c_Jacqueline_Jud_Zotter_Schokoladen-300x200.jpg 300w\" sizes=\"auto, (max-width: 634px) 100vw, 634px\" \/><figcaption class=\"wp-element-caption\"><sup><em><mark style=\"background-color:rgba(0, 0, 0, 0);color:#888888\" class=\"has-inline-color\">\u00a9 Jacqueline Jud<\/mark><\/em><\/sup><\/figcaption><\/figure>\n<\/div>\n\n\n\n<div class=\"wp-block-column is-layout-flow wp-block-column-is-layout-flow\" style=\"flex-basis:66.66%\">\n<p><em>Zotter Schokolade GmbH<\/em><br><strong>S\u00fc\u00dfer Ausflug in die Zotter Erlebniswelt<\/strong><\/p>\n\n\n\n<p>\u00dcber 500 verschiedene Schokosorten an 33 Verkostungsstationen lassen nicht nur Kinderherzen h\u00f6herschlagen! Schokobrunnen sprudeln in zahlreichen Variationen und \u00fcber die Lollytop Himmelstreppe geht\u2019s ins n\u00e4chste Stockwerk zur Trinkschokoladenbar, wo ungeahnte Mischungen gemixt werden. Ganz neu: Endorphine kullern aus dem Roller Coaster und Roboter servieren Schokolade &#8211; und ganz nebenbei erf\u00e4hrt man noch allerhand Wissenswertes \u00fcber die Herstellung von Schokolade, die Wichtigkeit von BIO und dem Fair-Gedanken. Danach im Essbaren Tiergarten ein Turnier auf der Bauerngolfanlage spielen oder einfach nur den Tag gem\u00fctlich am Abenteuerspielplatz, an der Riesenkugelbahn oder auf dem H\u00fcpfkissen ausklingen lassen.<\/p>\n\n\n\n<div class=\"wp-block-buttons is-content-justification-center is-layout-flex wp-container-core-buttons-is-layout-bc17c3bd wp-block-buttons-is-layout-flex\" style=\"margin-top:var(--wp--preset--spacing--40);margin-bottom:0\">\n<div class=\"wp-block-button has-custom-width wp-block-button__width-50 button-newsletter\"><a class=\"wp-block-button__link has-ast-global-color-0-color has-ast-global-color-5-background-color has-text-color has-background has-link-color has-custom-font-size wp-element-button\" href=\"https:\/\/www.zotter.at\/zotter-erlebniswelt\" style=\"border-style:none;border-width:0px;border-radius:0px;padding-top:var(--wp--preset--spacing--30);padding-right:0;padding-bottom:var(--wp--preset--spacing--30);padding-left:0;font-size:17px\" target=\"_blank\" rel=\"noreferrer noopener\"><strong><em>Weitere Infos zum Programm<\/em><\/strong><\/a><\/div>\n<\/div>\n<\/div>\n<\/div>\n\n\n\n<div style=\"height:21px\" aria-hidden=\"true\" class=\"wp-block-spacer\"><\/div>\n\n\n\n<p><\/p>\n","protected":false},"excerpt":{"rendered":"<p>boats2sailSchulsportwoche &amp; Projekttage mit Rundum-Service Vier Standorte \u2013 Wien Alte Donau, Wien Neue Donau, Rust &amp; Weiden am Neusiedler See.Wir [&hellip;]<\/p>\n","protected":false},"author":2,"featured_media":0,"parent":0,"menu_order":0,"comment_status":"closed","ping_status":"closed","template":"","meta":{"site-sidebar-layout":"default","site-content-layout":"","ast-site-content-layout":"","site-content-style":"default","site-sidebar-style":"default","ast-global-header-display":"","ast-banner-title-visibility":"","ast-main-header-display":"","ast-hfb-above-header-display":"","ast-hfb-below-header-display":"","ast-hfb-mobile-header-display":"","site-post-title":"","ast-breadcrumbs-content":"","ast-featured-img":"","footer-sml-layout":"","theme-transparent-header-meta":"","adv-header-id-meta":"","stick-header-meta":"","header-above-stick-meta":"","header-main-stick-meta":"","header-below-stick-meta":"","astra-migrate-meta-layouts":"default","ast-page-background-enabled":"default","ast-page-background-meta":{"desktop":{"background-color":"var(--ast-global-color-4)","background-image":"","background-repeat":"repeat","background-position":"center center","background-size":"auto","background-attachment":"scroll","background-type":"","background-media":"","overlay-type":"","overlay-color":"","overlay-opacity":"","overlay-gradient":""},"tablet":{"background-color":"","background-image":"","background-repeat":"repeat","background-position":"center center","background-size":"auto","background-attachment":"scroll","background-type":"","background-media":"","overlay-type":"","overlay-color":"","overlay-opacity":"","overlay-gradient":""},"mobile":{"background-color":"","background-image":"","background-repeat":"repeat","background-position":"center center","background-size":"auto","background-attachment":"scroll","background-type":"","background-media":"","overlay-type":"","overlay-color":"","overlay-opacity":"","overlay-gradient":""}},"ast-content-background-meta":{"desktop":{"background-color":"var(--ast-global-color-5)","background-image":"","background-repeat":"repeat","background-position":"center center","background-size":"auto","background-attachment":"scroll","background-type":"","background-media":"","overlay-type":"","overlay-color":"","overlay-opacity":"","overlay-gradient":""},"tablet":{"background-color":"var(--ast-global-color-5)","background-image":"","background-repeat":"repeat","background-position":"center center","background-size":"auto","background-attachment":"scroll","background-type":"","background-media":"","overlay-type":"","overlay-color":"","overlay-opacity":"","overlay-gradient":""},"mobile":{"background-color":"var(--ast-global-color-5)","background-image":"","background-repeat":"repeat","background-position":"center center","background-size":"auto","background-attachment":"scroll","background-type":"","background-media":"","overlay-type":"","overlay-color":"","overlay-opacity":"","overlay-gradient":""}},"footnotes":""},"class_list":["post-1987","page","type-page","status-publish","hentry"],"_links":{"self":[{"href":"https:\/\/hashtagbildung.at\/index.php\/wp-json\/wp\/v2\/pages\/1987","targetHints":{"allow":["GET"]}}],"collection":[{"href":"https:\/\/hashtagbildung.at\/index.php\/wp-json\/wp\/v2\/pages"}],"about":[{"href":"https:\/\/hashtagbildung.at\/index.php\/wp-json\/wp\/v2\/types\/page"}],"author":[{"embeddable":true,"href":"https:\/\/hashtagbildung.at\/index.php\/wp-json\/wp\/v2\/users\/2"}],"replies":[{"embeddable":true,"href":"https:\/\/hashtagbildung.at\/index.php\/wp-json\/wp\/v2\/comments?post=1987"}],"version-history":[{"count":40,"href":"https:\/\/hashtagbildung.at\/index.php\/wp-json\/wp\/v2\/pages\/1987\/revisions"}],"predecessor-version":[{"id":2044,"href":"https:\/\/hashtagbildung.at\/index.php\/wp-json\/wp\/v2\/pages\/1987\/revisions\/2044"}],"wp:attachment":[{"href":"https:\/\/hashtagbildung.at\/index.php\/wp-json\/wp\/v2\/media?parent=1987"}],"curies":[{"name":"wp","href":"https:\/\/api.w.org\/{rel}","templated":true}]}}