{"id":783,"date":"2024-11-07T09:27:25","date_gmt":"2024-11-07T09:27:25","guid":{"rendered":"https:\/\/hashtagbildung.at\/?page_id=783"},"modified":"2024-11-07T09:32:40","modified_gmt":"2024-11-07T09:32:40","slug":"ueber-uns","status":"publish","type":"page","link":"https:\/\/hashtagbildung.at\/index.php\/ueber-uns\/","title":{"rendered":"\u00dcber uns"},"content":{"rendered":"\n<h4 class=\"wp-block-heading\">Unser Team<\/h4>\n\n\n\n<p>Wir vom <strong>Verlag Bildungsagentur Content Pool<\/strong> sind P\u00e4dagog:innen, Fachautor:innen, Psycholog:innen, Grafiker:innen, Webdesigner:innen und Techniker:innen, die ihre Berufung und ihr Aufgabenfeld in der zielgruppenad\u00e4quaten Aufbereitung von (Lern-)Inhalten gefunden haben. <br>Wir sind bestrebt, unser Wissen und unsere F\u00e4higkeiten f\u00fcr die Verbesserung der Bildung und des Lernens einzusetzen.<\/p>\n\n\n\n<figure class=\"wp-block-image aligncenter size-large\"><img decoding=\"async\" src=\"https:\/\/www.lehrer.at\/wp-content\/uploads\/2023\/07\/Team-1024x617.jpg\" alt=\"\" class=\"wp-image-732\"\/><\/figure>\n\n\n\n<div style=\"height:64px\" aria-hidden=\"true\" class=\"wp-block-spacer\"><\/div>\n\n\n\n<h4 class=\"wp-block-heading\">Eine kleine Unternehmensgeschichte<\/h4>\n\n\n\n<div style=\"height:15px\" aria-hidden=\"true\" class=\"wp-block-spacer\"><\/div>\n\n\n\n<div class=\"wp-block-columns block_geschichte is-layout-flex wp-container-core-columns-is-layout-fd4737cf wp-block-columns-is-layout-flex\" style=\"margin-top:var(--wp--preset--spacing--20);margin-bottom:var(--wp--preset--spacing--40);padding-top:0;padding-right:0;padding-bottom:0;padding-left:0\">\n<div class=\"wp-block-column is-vertically-aligned-center jahreszahl has-ast-global-color-5-background-color has-background is-layout-flow wp-block-column-is-layout-flow\" style=\"flex-basis:10%\">\n<p class=\"has-text-align-center\" style=\"font-size:30px\"><strong>1985<\/strong><\/p>\n<\/div>\n\n\n\n<div class=\"wp-block-column is-vertically-aligned-center is-layout-flow wp-block-column-is-layout-flow\" style=\"flex-basis:85%\">\n<p style=\"font-size:16px\"><strong>Gr\u00fcndung des gemeinn\u00fctzigen Vereins Bildungsagentur Verein zur F\u00f6rderung alternativer Bildungsprogramme<\/strong><\/p>\n<\/div>\n<\/div>\n\n\n\n<div class=\"wp-block-columns block_geschichte is-layout-flex wp-container-core-columns-is-layout-b1348d1d wp-block-columns-is-layout-flex\" style=\"padding-top:0;padding-right:0px;padding-bottom:0;padding-left:0px\">\n<div class=\"wp-block-column is-layout-flow wp-block-column-is-layout-flow\">\n<p class=\"has-text-align-left\" style=\"font-size:16px\"><em>Proponent:innen:<\/em><\/p>\n\n\n\n<p>eine Gruppe engagierter, politisch unabh\u00e4ngiger P\u00e4dagog:innen rund um August Nowak, AHS-Lehrer f\u00fcr Mathematik und Physik und Mitentwickler des 2. Bildungsweges an den Volkshochschulen Wien<\/p>\n<\/div>\n\n\n\n<div class=\"wp-block-column is-layout-flow wp-block-column-is-layout-flow\">\n<p class=\"has-text-align-left aufzaehlung\" style=\"font-size:16px\"><em>Zielsetzungen<\/em>:<\/p>\n\n\n\n<ul class=\"wp-block-list list-geschichte\">\n<li>Anstellungsm\u00f6glichkeit von Lehrenden am 2. Bildungsweg <\/li>\n\n\n\n<li>Konzeption und Umsetzung erfolgreicher Aus- und Weiterbildungskonzepte f\u00fcr Erwachsenenbildung, Unternehmen und Schule<\/li>\n<\/ul>\n<\/div>\n<\/div>\n\n\n\n<div style=\"height:64px\" aria-hidden=\"true\" class=\"wp-block-spacer\"><\/div>\n\n\n\n<div class=\"wp-block-columns block_geschichte is-layout-flex wp-container-core-columns-is-layout-fd4737cf wp-block-columns-is-layout-flex\" style=\"margin-top:var(--wp--preset--spacing--20);margin-bottom:var(--wp--preset--spacing--40);padding-top:0;padding-right:0;padding-bottom:0;padding-left:0\">\n<div class=\"wp-block-column is-vertically-aligned-center jahreszahl has-ast-global-color-5-background-color has-background is-layout-flow wp-block-column-is-layout-flow\" style=\"flex-basis:10%\">\n<p class=\"has-text-align-center\" style=\"font-size:30px\"><strong>2004<\/strong><\/p>\n<\/div>\n\n\n\n<div class=\"wp-block-column is-vertically-aligned-center is-layout-flow wp-block-column-is-layout-flow\" style=\"flex-basis:85%\">\n<p><strong>Gr\u00fcndung des Verlags Bildungsagentur Content Pool GmbH<\/strong><\/p>\n<\/div>\n<\/div>\n\n\n\n<div class=\"wp-block-columns block_geschichte is-layout-flex wp-container-core-columns-is-layout-a5331a9e wp-block-columns-is-layout-flex\" style=\"padding-top:0;padding-right:0;padding-bottom:0;padding-left:0\">\n<div class=\"wp-block-column is-layout-flow wp-block-column-is-layout-flow\">\n<p class=\"has-text-align-left\" style=\"font-size:16px\"><em><em>Gesellschafter:innen bei der Gr\u00fcndung:<\/em><\/em><\/p>\n\n\n\n<p>Bildungsagentur Verein, August Nowak, Eva Sch\u00fctz sowie zwei weitere P\u00e4dagoginnen, die auch Vorstandsmitglieder beim Verein Bildungsagentur sind.<\/p>\n\n\n\n<p class=\"has-text-align-left\" style=\"font-size:16px\"><em><em>Gesellschafter:innen seit 2024:<\/em><\/em><\/p>\n\n\n\n<p>Bildungsagentur Verein, Eva Spechtl-Sch\u00fctz, zwei weitere P\u00e4dagoginnen, die auch Vorstandsmitglieder beim Verein Bildungsagentur sind, eine Moderatorin, Schauspielerin und Tanzp\u00e4dagogin, die Vorsitzende des Vereins Bildungsagentur ist, sowie ein Eventmanager und IT-Techniker.<\/p>\n<\/div>\n\n\n\n<div class=\"wp-block-column is-layout-flow wp-block-column-is-layout-flow\">\n<p class=\"has-text-align-left aufzaehlung\" style=\"font-size:16px\"><em>Aufgabenbereiche<\/em>:<\/p>\n\n\n\n<ul class=\"wp-block-list list-geschichte\">\n<li>Konzeption und Umsetzung von Bildungsprojekten im Bereich Kindergarten, Schule und Erwachsenenbildung (im Bereich &#8222;Schule&#8220; u.a. f\u00fcr \u00c4rztekammer Wien, FEEI\/Licht, Forum Mobilkommunikation, UNIS Vienna, Wiener Wohnen, \u2026)<\/li>\n\n\n\n<li>Konzeption und Umsetzung von Events f\u00fcr Kinder und Jugendliche &#8211; von Kindertheaterinszenierungen \u00fcber Schulschlussfeste oder Messeprogramm f\u00fcr P\u00e4dagog:innen bis hin zu Workshops f\u00fcr Sch\u00fcler:innen, Lehrer:innen und Eltern<\/li>\n<\/ul>\n<\/div>\n<\/div>\n\n\n\n<p class=\"has-text-color\" style=\"color:#2a5185;font-size:18px\"><\/p>\n","protected":false},"excerpt":{"rendered":"<p>Unser Team Wir vom Verlag Bildungsagentur Content Pool sind P\u00e4dagog:innen, Fachautor:innen, Psycholog:innen, Grafiker:innen, Webdesigner:innen und Techniker:innen, die ihre Berufung und [&hellip;]<\/p>\n","protected":false},"author":2,"featured_media":0,"parent":0,"menu_order":0,"comment_status":"closed","ping_status":"closed","template":"","meta":{"site-sidebar-layout":"default","site-content-layout":"","ast-site-content-layout":"","site-content-style":"default","site-sidebar-style":"default","ast-global-header-display":"","ast-banner-title-visibility":"","ast-main-header-display":"","ast-hfb-above-header-display":"","ast-hfb-below-header-display":"","ast-hfb-mobile-header-display":"","site-post-title":"disabled","ast-breadcrumbs-content":"","ast-featured-img":"","footer-sml-layout":"","theme-transparent-header-meta":"","adv-header-id-meta":"","stick-header-meta":"","header-above-stick-meta":"","header-main-stick-meta":"","header-below-stick-meta":"","astra-migrate-meta-layouts":"default","ast-page-background-enabled":"default","ast-page-background-meta":{"desktop":{"background-color":"var(--ast-global-color-4)","background-image":"","background-repeat":"repeat","background-position":"center center","background-size":"auto","background-attachment":"scroll","background-type":"","background-media":"","overlay-type":"","overlay-color":"","overlay-opacity":"","overlay-gradient":""},"tablet":{"background-color":"","background-image":"","background-repeat":"repeat","background-position":"center center","background-size":"auto","background-attachment":"scroll","background-type":"","background-media":"","overlay-type":"","overlay-color":"","overlay-opacity":"","overlay-gradient":""},"mobile":{"background-color":"","background-image":"","background-repeat":"repeat","background-position":"center center","background-size":"auto","background-attachment":"scroll","background-type":"","background-media":"","overlay-type":"","overlay-color":"","overlay-opacity":"","overlay-gradient":""}},"ast-content-background-meta":{"desktop":{"background-color":"var(--ast-global-color-5)","background-image":"","background-repeat":"repeat","background-position":"center center","background-size":"auto","background-attachment":"scroll","background-type":"","background-media":"","overlay-type":"","overlay-color":"","overlay-opacity":"","overlay-gradient":""},"tablet":{"background-color":"var(--ast-global-color-5)","background-image":"","background-repeat":"repeat","background-position":"center center","background-size":"auto","background-attachment":"scroll","background-type":"","background-media":"","overlay-type":"","overlay-color":"","overlay-opacity":"","overlay-gradient":""},"mobile":{"background-color":"var(--ast-global-color-5)","background-image":"","background-repeat":"repeat","background-position":"center center","background-size":"auto","background-attachment":"scroll","background-type":"","background-media":"","overlay-type":"","overlay-color":"","overlay-opacity":"","overlay-gradient":""}},"footnotes":""},"class_list":["post-783","page","type-page","status-publish","hentry"],"_links":{"self":[{"href":"https:\/\/hashtagbildung.at\/index.php\/wp-json\/wp\/v2\/pages\/783","targetHints":{"allow":["GET"]}}],"collection":[{"href":"https:\/\/hashtagbildung.at\/index.php\/wp-json\/wp\/v2\/pages"}],"about":[{"href":"https:\/\/hashtagbildung.at\/index.php\/wp-json\/wp\/v2\/types\/page"}],"author":[{"embeddable":true,"href":"https:\/\/hashtagbildung.at\/index.php\/wp-json\/wp\/v2\/users\/2"}],"replies":[{"embeddable":true,"href":"https:\/\/hashtagbildung.at\/index.php\/wp-json\/wp\/v2\/comments?post=783"}],"version-history":[{"count":4,"href":"https:\/\/hashtagbildung.at\/index.php\/wp-json\/wp\/v2\/pages\/783\/revisions"}],"predecessor-version":[{"id":789,"href":"https:\/\/hashtagbildung.at\/index.php\/wp-json\/wp\/v2\/pages\/783\/revisions\/789"}],"wp:attachment":[{"href":"https:\/\/hashtagbildung.at\/index.php\/wp-json\/wp\/v2\/media?parent=783"}],"curies":[{"name":"wp","href":"https:\/\/api.w.org\/{rel}","templated":true}]}}